{"version":"1.0","provider_name":"Prefeitura Municipal de Ponta Por\u00e3","provider_url":"https:\/\/pontapora.ms.gov.br\/v2","title":"Prefeitura abre aulas da Escola Municipal de Tr\u00e2nsito - Prefeitura Municipal de Ponta Por\u00e3","type":"rich","width":600,"height":338,"html":"<blockquote class=\"wp-embedded-content\" data-secret=\"WoVqZRYvyb\"><a href=\"https:\/\/pontapora.ms.gov.br\/v2\/prefeitura-abre-aulas-da-escola-municipal-de-transito\/\">Prefeitura abre aulas da Escola Municipal de Tr\u00e2nsito<\/a><\/blockquote><iframe sandbox=\"allow-scripts\" security=\"restricted\" src=\"https:\/\/pontapora.ms.gov.br\/v2\/prefeitura-abre-aulas-da-escola-municipal-de-transito\/embed\/#?secret=WoVqZRYvyb\" width=\"600\" height=\"338\" title=\"&#8220;Prefeitura abre aulas da Escola Municipal de Tr\u00e2nsito&#8221; &#8212; Prefeitura Municipal de Ponta Por\u00e3\" data-secret=\"WoVqZRYvyb\" frameborder=\"0\" marginwidth=\"0\" marginheight=\"0\" scrolling=\"no\" class=\"wp-embedded-content\"><\/iframe><script>\n\/*! This file is auto-generated *\/\n!function(d,l){\"use strict\";l.querySelector&&d.addEventListener&&\"undefined\"!=typeof URL&&(d.wp=d.wp||{},d.wp.receiveEmbedMessage||(d.wp.receiveEmbedMessage=function(e){var t=e.data;if((t||t.secret||t.message||t.value)&&!\/[^a-zA-Z0-9]\/.test(t.secret)){for(var s,r,n,a=l.querySelectorAll('iframe[data-secret=\"'+t.secret+'\"]'),o=l.querySelectorAll('blockquote[data-secret=\"'+t.secret+'\"]'),c=new RegExp(\"^https?:$\",\"i\"),i=0;i<o.length;i++)o[i].style.display=\"none\";for(i=0;i<a.length;i++)s=a[i],e.source===s.contentWindow&&(s.removeAttribute(\"style\"),\"height\"===t.message?(1e3<(r=parseInt(t.value,10))?r=1e3:~~r<200&&(r=200),s.height=r):\"link\"===t.message&&(r=new URL(s.getAttribute(\"src\")),n=new URL(t.value),c.test(n.protocol))&&n.host===r.host&&l.activeElement===s&&(d.top.location.href=t.value))}},d.addEventListener(\"message\",d.wp.receiveEmbedMessage,!1),l.addEventListener(\"DOMContentLoaded\",function(){for(var e,t,s=l.querySelectorAll(\"iframe.wp-embedded-content\"),r=0;r<s.length;r++)(t=(e=s[r]).getAttribute(\"data-secret\"))||(t=Math.random().toString(36).substring(2,12),e.src+=\"#?secret=\"+t,e.setAttribute(\"data-secret\",t)),e.contentWindow.postMessage({message:\"ready\",secret:t},\"*\")},!1)))}(window,document);\n\/\/# sourceURL=https:\/\/pontapora.ms.gov.br\/v2\/wp-includes\/js\/wp-embed.min.js\n<\/script>\n","thumbnail_url":"https:\/\/pontapora.ms.gov.br\/v2\/wp-content\/uploads\/2018\/02\/Prefeito-H\u00e9lio-destacou-relev\u00e2ncia-da-Escola-de-Tr\u00e2nsito-1.jpg","thumbnail_width":994,"thumbnail_height":429,"description":"Parceria com Minist\u00e9rio P\u00fablico Estadual e Detran-MS fortalecem objetivo de humanizar leis &nbsp; &nbsp; A prefeitura de Ponta Por\u00e3, atrav\u00e9s da secretaria municipal de Seguran\u00e7a P\u00fablica, lan\u00e7ou oficialmente as aulas da Escola Municipal de Tr\u00e2nsito \u00b4Rafael Mendes Esp\u00edndola\u00b4, na sede do departamento de tr\u00e2nsito do munic\u00edpio, atrav\u00e9s do programa \u00b4Tr\u00e2nsito na Escola \u2013 Forma\u00e7\u00e3o do [&hellip;]"}