{"version":"1.0","provider_name":"Prefeitura Municipal de Ponta Por\u00e3","provider_url":"https:\/\/pontapora.ms.gov.br\/v2","title":"Prefeitura sedia reuni\u00e3o t\u00e9cnica sobre voo comercial - Prefeitura Municipal de Ponta Por\u00e3","type":"rich","width":600,"height":338,"html":"<blockquote class=\"wp-embedded-content\" data-secret=\"swQPJgygy4\"><a href=\"https:\/\/pontapora.ms.gov.br\/v2\/prefeitura-sedia-reuniao-tecnica-sobre-voo-comercial\/\">Prefeitura sedia reuni\u00e3o t\u00e9cnica sobre voo comercial<\/a><\/blockquote><iframe sandbox=\"allow-scripts\" security=\"restricted\" src=\"https:\/\/pontapora.ms.gov.br\/v2\/prefeitura-sedia-reuniao-tecnica-sobre-voo-comercial\/embed\/#?secret=swQPJgygy4\" width=\"600\" height=\"338\" title=\"&#8220;Prefeitura sedia reuni\u00e3o t\u00e9cnica sobre voo comercial&#8221; &#8212; Prefeitura Municipal de Ponta Por\u00e3\" data-secret=\"swQPJgygy4\" frameborder=\"0\" marginwidth=\"0\" marginheight=\"0\" scrolling=\"no\" class=\"wp-embedded-content\"><\/iframe><script>\n\/*! This file is auto-generated *\/\n!function(d,l){\"use strict\";l.querySelector&&d.addEventListener&&\"undefined\"!=typeof URL&&(d.wp=d.wp||{},d.wp.receiveEmbedMessage||(d.wp.receiveEmbedMessage=function(e){var t=e.data;if((t||t.secret||t.message||t.value)&&!\/[^a-zA-Z0-9]\/.test(t.secret)){for(var s,r,n,a=l.querySelectorAll('iframe[data-secret=\"'+t.secret+'\"]'),o=l.querySelectorAll('blockquote[data-secret=\"'+t.secret+'\"]'),c=new RegExp(\"^https?:$\",\"i\"),i=0;i<o.length;i++)o[i].style.display=\"none\";for(i=0;i<a.length;i++)s=a[i],e.source===s.contentWindow&&(s.removeAttribute(\"style\"),\"height\"===t.message?(1e3<(r=parseInt(t.value,10))?r=1e3:~~r<200&&(r=200),s.height=r):\"link\"===t.message&&(r=new URL(s.getAttribute(\"src\")),n=new URL(t.value),c.test(n.protocol))&&n.host===r.host&&l.activeElement===s&&(d.top.location.href=t.value))}},d.addEventListener(\"message\",d.wp.receiveEmbedMessage,!1),l.addEventListener(\"DOMContentLoaded\",function(){for(var e,t,s=l.querySelectorAll(\"iframe.wp-embedded-content\"),r=0;r<s.length;r++)(t=(e=s[r]).getAttribute(\"data-secret\"))||(t=Math.random().toString(36).substring(2,12),e.src+=\"#?secret=\"+t,e.setAttribute(\"data-secret\",t)),e.contentWindow.postMessage({message:\"ready\",secret:t},\"*\")},!1)))}(window,document);\n\/\/# sourceURL=https:\/\/pontapora.ms.gov.br\/v2\/wp-includes\/js\/wp-embed.min.js\n<\/script>\n","thumbnail_url":"https:\/\/pontapora.ms.gov.br\/v2\/wp-content\/uploads\/2017\/07\/Reuni\u00e3o-tratou-de-avalia\u00e7\u00e3o-t\u00e9cnica-para-viabilizar-voo-comercial-Foto-L\u00e9cio-Aguilera.jpg","thumbnail_width":4032,"thumbnail_height":2268,"description":"Representantes de v\u00e1rios segmentos da sociedade fronteiri\u00e7a estiveram reunidos na manh\u00e3 de ontem no anfiteatro da Prefeitura de Ponta Por\u00e3 com intuito de abrir discuss\u00f5es acerca da reimplanta\u00e7\u00e3o de linha \u00e1rea comercial ligando a fronteira ao resta do pa\u00eds. O Superintendente de Transporte Vi\u00e1rio da Secretaria de InfraEstrutura do Governo do Estado, Fabr\u00edcio Alves C\u00f4rrea [&hellip;]"}